{"id":9431,"date":"2023-02-06T14:33:06","date_gmt":"2023-02-06T13:33:06","guid":{"rendered":"https:\/\/www.hotelalpifoza.it\/territorium-aktivitaeten-veranstaltungen\/"},"modified":"2023-02-07T15:16:23","modified_gmt":"2023-02-07T14:16:23","slug":"territorium-aktivitaeten-veranstaltungen","status":"publish","type":"page","link":"https:\/\/www.hotelalpifoza.it\/de\/territorium-aktivitaeten-veranstaltungen\/","title":{"rendered":"Territorium Aktivit\u00e4ten Veranstaltungen"},"content":{"rendered":"\t\t<div data-elementor-type=\"wp-page\" data-elementor-id=\"9431\" class=\"elementor elementor-9431 elementor-9251\">\n\t\t\t\t\t\t\t\t\t<section class=\"elementor-section elementor-top-section elementor-element elementor-element-3a1b9bf5 elementor-section-stretched elementor-section-boxed elementor-section-height-default elementor-section-height-default\" data-id=\"3a1b9bf5\" data-element_type=\"section\" data-settings=\"{&quot;stretch_section&quot;:&quot;section-stretched&quot;,&quot;background_background&quot;:&quot;classic&quot;}\">\n\t\t\t\t\t\t<div class=\"elementor-container elementor-column-gap-default\">\n\t\t\t\t\t<div class=\"elementor-column elementor-col-100 elementor-top-column elementor-element elementor-element-7baaf0d7\" data-id=\"7baaf0d7\" data-element_type=\"column\">\n\t\t\t<div class=\"elementor-widget-wrap elementor-element-populated\">\n\t\t\t\t\t\t\t\t<div class=\"elementor-element elementor-element-9acb5a2 elementor-widget elementor-widget-heading\" data-id=\"9acb5a2\" data-element_type=\"widget\" data-widget_type=\"heading.default\">\n\t\t\t\t<div class=\"elementor-widget-container\">\n\t\t\t<style>\/*! elementor - v3.10.2 - 29-01-2023 *\/\n.elementor-heading-title{padding:0;margin:0;line-height:1}.elementor-widget-heading .elementor-heading-title[class*=elementor-size-]>a{color:inherit;font-size:inherit;line-height:inherit}.elementor-widget-heading .elementor-heading-title.elementor-size-small{font-size:15px}.elementor-widget-heading .elementor-heading-title.elementor-size-medium{font-size:19px}.elementor-widget-heading .elementor-heading-title.elementor-size-large{font-size:29px}.elementor-widget-heading .elementor-heading-title.elementor-size-xl{font-size:39px}.elementor-widget-heading .elementor-heading-title.elementor-size-xxl{font-size:59px}<\/style><h3 class=\"elementor-heading-title elementor-size-default\">VERANSTALTUNGEN UND AKTIVIT\u00c4TEN<\/h3>\t\t<\/div>\n\t\t\t\t<\/div>\n\t\t\t\t<div class=\"elementor-element elementor-element-38e7869a elementor-widget elementor-widget-heading\" data-id=\"38e7869a\" data-element_type=\"widget\" data-widget_type=\"heading.default\">\n\t\t\t\t<div class=\"elementor-widget-container\">\n\t\t\t<h1 class=\"elementor-heading-title elementor-size-default\">Nachrichten aus der Hochebene der 7 Comuni<\/h1>\t\t<\/div>\n\t\t\t\t<\/div>\n\t\t\t\t<div class=\"elementor-element elementor-element-21f36206 elementor-widget elementor-widget-postgrid\" data-id=\"21f36206\" data-element_type=\"widget\" data-widget_type=\"postgrid.default\">\n\t\t\t\t<div class=\"elementor-widget-container\">\n\t\t\t\n<div class=\"nd_elements_section nd_elements_masonry_content nd_elements_posgrid_widget_l4\">\n\t    \t<div class=\" nd_elements_width_33_percentage nd_elements_width_100_percentage_iphone nd_elements_width_50_percentage_ipad nd_elements_float_left nd_elements_masonry_item nd_elements_padding_15 nd_elements_box_sizing_border_box\">\n\n\t    \t\t<div class=\"nd_elements_section nd_elements_background_color_fff nd_elements_border_1_solid_grey\">\n\n\t\t    \t\t<a href=\"https:\/\/www.hotelalpifoza.it\/de\/ausstellung-am-faden-der-wolle-foza-museum\/\"><img decoding=\"async\" class=\"nd_elements_section\" alt=\"\" src=\"https:\/\/www.hotelalpifoza.it\/wp-content\/uploads\/2023\/02\/pecore.jpg\"><\/a>\n\n\t\t    \t\t<div class=\"nd_elements_section nd_elements_padding_40 nd_elements_padding_20_iphone nd_elements_box_sizing_border_box\">\n\t\t    \t\t \n\n\t\t    \t\t\t<p class=\"nd_elements_posgrid_widget_l4_date nd_elements_margin_0_important nd_elements_padding_0 nd_elements_letter_spacing_1 nd_elements_font_size_13  nd_elements_line_height_13 nd_elements_padding_left_15 nd_elements_border_left_style_solid nd_elements_border_width_2\">6 Februar<\/p>\n\t\t\t    \t\t<div class=\"nd_elements_section nd_elements_height_15\"><\/div>\n\n\t\t\t\t    \t<a class=\"nd_elements_section\" href=\"https:\/\/www.hotelalpifoza.it\/de\/ausstellung-am-faden-der-wolle-foza-museum\/\">\n\t\t\t\t    \t\t<h3 class=\"nd_elements_font_size_23 nd_elements_posgrid_widget_l4_title nd_elements_word_break_break_word nd_elements_font_size_20_iphone nd_elements_line_height_23 nd_elements_margin_0_important nd_elements_letter_spacing_1\"><strong>Ausstellung &#8222;Am Faden der Wolle&#8220; &#8211; Foza Museum<\/strong><\/h3>\n\t\t\t\t    \t<\/a>\n\t\t\t\t    \t<div class=\"nd_elements_section nd_elements_height_20\"><\/div>\n\t\t\t\t    \t<p class=\"nd_elements_font_size_15 nd_elements_section nd_elements_margin_0_important nd_elements_posgrid_widget_l4_excerpt nd_elements_line_height_2\">Die Ausstellung \"Sul Filo di Lana\", die in einer besonderen Abteilung des Museo Civico di Foza untergebracht ist, bietet eine interessante Entdeckungsreise durch die Schafzucht.<\/p>\n\t\t\t\t    \t<div class=\"nd_elements_section nd_elements_height_20\"><\/div>\n\n\t\t\t\t    \t<a class=\"nd_options_color_white nd_elements_font_size_13 nd_elements_posgrid_widget_l4_button nd_elements_letter_spacing_1 nd_elements_line_height_1 nd_elements_padding_10_20\" style=\"background-color:#000000\" href=\"https:\/\/www.hotelalpifoza.it\/de\/ausstellung-am-faden-der-wolle-foza-museum\/\"><strong>READ MORE<\/strong><\/a>\n\n\t\t\t\t\t<\/div>\n\n\t\t\t\t<\/div>\n\t\t    \t\n\t\t\t<\/div>\n\t    \t<div class=\" nd_elements_width_33_percentage nd_elements_width_100_percentage_iphone nd_elements_width_50_percentage_ipad nd_elements_float_left nd_elements_masonry_item nd_elements_padding_15 nd_elements_box_sizing_border_box\">\n\n\t    \t\t<div class=\"nd_elements_section nd_elements_background_color_fff nd_elements_border_1_solid_grey\">\n\n\t\t    \t\t<a href=\"https:\/\/www.hotelalpifoza.it\/de\/die-melette-di-foza-und-mario-rigoni-stern\/\"><img decoding=\"async\" class=\"nd_elements_section\" alt=\"\" src=\"https:\/\/www.hotelalpifoza.it\/wp-content\/uploads\/2023\/02\/itinerario_escursione_melette_di_foza4.jpg\"><\/a>\n\n\t\t    \t\t<div class=\"nd_elements_section nd_elements_padding_40 nd_elements_padding_20_iphone nd_elements_box_sizing_border_box\">\n\t\t    \t\t \n\n\t\t    \t\t\t<p class=\"nd_elements_posgrid_widget_l4_date nd_elements_margin_0_important nd_elements_padding_0 nd_elements_letter_spacing_1 nd_elements_font_size_13  nd_elements_line_height_13 nd_elements_padding_left_15 nd_elements_border_left_style_solid nd_elements_border_width_2\">6 Februar<\/p>\n\t\t\t    \t\t<div class=\"nd_elements_section nd_elements_height_15\"><\/div>\n\n\t\t\t\t    \t<a class=\"nd_elements_section\" href=\"https:\/\/www.hotelalpifoza.it\/de\/die-melette-di-foza-und-mario-rigoni-stern\/\">\n\t\t\t\t    \t\t<h3 class=\"nd_elements_font_size_23 nd_elements_posgrid_widget_l4_title nd_elements_word_break_break_word nd_elements_font_size_20_iphone nd_elements_line_height_23 nd_elements_margin_0_important nd_elements_letter_spacing_1\"><strong>Die Melette di Foza und Mario Rigoni Stern<\/strong><\/h3>\n\t\t\t\t    \t<\/a>\n\t\t\t\t    \t<div class=\"nd_elements_section nd_elements_height_20\"><\/div>\n\t\t\t\t    \t<p class=\"nd_elements_font_size_15 nd_elements_section nd_elements_margin_0_important nd_elements_posgrid_widget_l4_excerpt nd_elements_line_height_2\">Foza liegt \u00f6stlich von Asiago, am Fu\u00dfe des Melette und des Monte Fior, historisch bedeutsame Orte f\u00fcr die Ereignisse des Ersten Weltkriegs, die in Emilio Lussus Buch \"Un Anno sull' Altopiano\" und in dem auf diesem Buch basierenden Film \"Men Against\" beschrieben werden.<\/p>\n\t\t\t\t    \t<div class=\"nd_elements_section nd_elements_height_20\"><\/div>\n\n\t\t\t\t    \t<a class=\"nd_options_color_white nd_elements_font_size_13 nd_elements_posgrid_widget_l4_button nd_elements_letter_spacing_1 nd_elements_line_height_1 nd_elements_padding_10_20\" style=\"background-color:#000000\" href=\"https:\/\/www.hotelalpifoza.it\/de\/die-melette-di-foza-und-mario-rigoni-stern\/\"><strong>READ MORE<\/strong><\/a>\n\n\t\t\t\t\t<\/div>\n\n\t\t\t\t<\/div>\n\t\t    \t\n\t\t\t<\/div>\n\t    \t<div class=\" nd_elements_width_33_percentage nd_elements_width_100_percentage_iphone nd_elements_width_50_percentage_ipad nd_elements_float_left nd_elements_masonry_item nd_elements_padding_15 nd_elements_box_sizing_border_box\">\n\n\t    \t\t<div class=\"nd_elements_section nd_elements_background_color_fff nd_elements_border_1_solid_grey\">\n\n\t\t    \t\t<a href=\"https:\/\/www.hotelalpifoza.it\/de\/klettern-in-den-foza-klippen-asiago-plateau-7-comuni\/\"><img decoding=\"async\" class=\"nd_elements_section\" alt=\"\" src=\"https:\/\/www.hotelalpifoza.it\/wp-content\/uploads\/2023\/02\/arrampicata-sulle-falesie-Foza.jpg\"><\/a>\n\n\t\t    \t\t<div class=\"nd_elements_section nd_elements_padding_40 nd_elements_padding_20_iphone nd_elements_box_sizing_border_box\">\n\t\t    \t\t \n\n\t\t    \t\t\t<p class=\"nd_elements_posgrid_widget_l4_date nd_elements_margin_0_important nd_elements_padding_0 nd_elements_letter_spacing_1 nd_elements_font_size_13  nd_elements_line_height_13 nd_elements_padding_left_15 nd_elements_border_left_style_solid nd_elements_border_width_2\">6 Februar<\/p>\n\t\t\t    \t\t<div class=\"nd_elements_section nd_elements_height_15\"><\/div>\n\n\t\t\t\t    \t<a class=\"nd_elements_section\" href=\"https:\/\/www.hotelalpifoza.it\/de\/klettern-in-den-foza-klippen-asiago-plateau-7-comuni\/\">\n\t\t\t\t    \t\t<h3 class=\"nd_elements_font_size_23 nd_elements_posgrid_widget_l4_title nd_elements_word_break_break_word nd_elements_font_size_20_iphone nd_elements_line_height_23 nd_elements_margin_0_important nd_elements_letter_spacing_1\"><strong>Klettern in den Foza-Klippen &#8211; Asiago Plateau 7 Comuni<\/strong><\/h3>\n\t\t\t\t    \t<\/a>\n\t\t\t\t    \t<div class=\"nd_elements_section nd_elements_height_20\"><\/div>\n\t\t\t\t    \t<p class=\"nd_elements_font_size_15 nd_elements_section nd_elements_margin_0_important nd_elements_posgrid_widget_l4_excerpt nd_elements_line_height_2\">Um zur Falesie di Foza zu gelangen, nehmen Sie die Valsugana-Staatsstra\u00dfe in Richtung Trento, an der Ampelkreuzung in Carpan\u00e8 (Valstagna) biegen Sie links ab und \u00fcberqueren die Valstagna-Br\u00fccke.<\/p>\n\t\t\t\t    \t<div class=\"nd_elements_section nd_elements_height_20\"><\/div>\n\n\t\t\t\t    \t<a class=\"nd_options_color_white nd_elements_font_size_13 nd_elements_posgrid_widget_l4_button nd_elements_letter_spacing_1 nd_elements_line_height_1 nd_elements_padding_10_20\" style=\"background-color:#000000\" href=\"https:\/\/www.hotelalpifoza.it\/de\/klettern-in-den-foza-klippen-asiago-plateau-7-comuni\/\"><strong>READ MORE<\/strong><\/a>\n\n\t\t\t\t\t<\/div>\n\n\t\t\t\t<\/div>\n\t\t    \t\n\t\t\t<\/div>\n\t    \t<div class=\" nd_elements_width_33_percentage nd_elements_width_100_percentage_iphone nd_elements_width_50_percentage_ipad nd_elements_float_left nd_elements_masonry_item nd_elements_padding_15 nd_elements_box_sizing_border_box\">\n\n\t    \t\t<div class=\"nd_elements_section nd_elements_background_color_fff nd_elements_border_1_solid_grey\">\n\n\t\t    \t\t<a href=\"https:\/\/www.hotelalpifoza.it\/de\/kultur-und-naturlehrpfad-in-foza\/\"><img decoding=\"async\" class=\"nd_elements_section\" alt=\"\" src=\"https:\/\/www.hotelalpifoza.it\/wp-content\/uploads\/2022\/12\/1-vista-foza-SLIDE2-1024x553.jpg\"><\/a>\n\n\t\t    \t\t<div class=\"nd_elements_section nd_elements_padding_40 nd_elements_padding_20_iphone nd_elements_box_sizing_border_box\">\n\t\t    \t\t \n\n\t\t    \t\t\t<p class=\"nd_elements_posgrid_widget_l4_date nd_elements_margin_0_important nd_elements_padding_0 nd_elements_letter_spacing_1 nd_elements_font_size_13  nd_elements_line_height_13 nd_elements_padding_left_15 nd_elements_border_left_style_solid nd_elements_border_width_2\">7 Februar<\/p>\n\t\t\t    \t\t<div class=\"nd_elements_section nd_elements_height_15\"><\/div>\n\n\t\t\t\t    \t<a class=\"nd_elements_section\" href=\"https:\/\/www.hotelalpifoza.it\/de\/kultur-und-naturlehrpfad-in-foza\/\">\n\t\t\t\t    \t\t<h3 class=\"nd_elements_font_size_23 nd_elements_posgrid_widget_l4_title nd_elements_word_break_break_word nd_elements_font_size_20_iphone nd_elements_line_height_23 nd_elements_margin_0_important nd_elements_letter_spacing_1\"><strong>Kultur- und Naturlehrpfad in Foza<\/strong><\/h3>\n\t\t\t\t    \t<\/a>\n\t\t\t\t    \t<div class=\"nd_elements_section nd_elements_height_20\"><\/div>\n\t\t\t\t    \t<p class=\"nd_elements_font_size_15 nd_elements_section nd_elements_margin_0_important nd_elements_posgrid_widget_l4_excerpt nd_elements_line_height_2\">Kultur- und Naturlehrpfad zur Entdeckung der Traditionen der Waldhirten und der unber\u00fchrten Natur<\/p>\n\t\t\t\t    \t<div class=\"nd_elements_section nd_elements_height_20\"><\/div>\n\n\t\t\t\t    \t<a class=\"nd_options_color_white nd_elements_font_size_13 nd_elements_posgrid_widget_l4_button nd_elements_letter_spacing_1 nd_elements_line_height_1 nd_elements_padding_10_20\" style=\"background-color:#000000\" href=\"https:\/\/www.hotelalpifoza.it\/de\/kultur-und-naturlehrpfad-in-foza\/\"><strong>READ MORE<\/strong><\/a>\n\n\t\t\t\t\t<\/div>\n\n\t\t\t\t<\/div>\n\t\t    \t\n\t\t\t<\/div>\n\t    \t<div class=\" nd_elements_width_33_percentage nd_elements_width_100_percentage_iphone nd_elements_width_50_percentage_ipad nd_elements_float_left nd_elements_masonry_item nd_elements_padding_15 nd_elements_box_sizing_border_box\">\n\n\t    \t\t<div class=\"nd_elements_section nd_elements_background_color_fff nd_elements_border_1_solid_grey\">\n\n\t\t    \t\t<a href=\"https:\/\/www.hotelalpifoza.it\/de\/marios-papiere-das-gefaengnissmuseum-asiago\/\"><img decoding=\"async\" class=\"nd_elements_section\" alt=\"\" src=\"https:\/\/www.hotelalpifoza.it\/wp-content\/uploads\/2023\/02\/Le-carte-Mario-Museo-LeCarceri.jpeg\"><\/a>\n\n\t\t    \t\t<div class=\"nd_elements_section nd_elements_padding_40 nd_elements_padding_20_iphone nd_elements_box_sizing_border_box\">\n\t\t    \t\t \n\n\t\t    \t\t\t<p class=\"nd_elements_posgrid_widget_l4_date nd_elements_margin_0_important nd_elements_padding_0 nd_elements_letter_spacing_1 nd_elements_font_size_13  nd_elements_line_height_13 nd_elements_padding_left_15 nd_elements_border_left_style_solid nd_elements_border_width_2\">7 Februar<\/p>\n\t\t\t    \t\t<div class=\"nd_elements_section nd_elements_height_15\"><\/div>\n\n\t\t\t\t    \t<a class=\"nd_elements_section\" href=\"https:\/\/www.hotelalpifoza.it\/de\/marios-papiere-das-gefaengnissmuseum-asiago\/\">\n\t\t\t\t    \t\t<h3 class=\"nd_elements_font_size_23 nd_elements_posgrid_widget_l4_title nd_elements_word_break_break_word nd_elements_font_size_20_iphone nd_elements_line_height_23 nd_elements_margin_0_important nd_elements_letter_spacing_1\"><strong>Marios Papiere &#8211; Das Gef\u00e4ngnissmuseum Asiago<\/strong><\/h3>\n\t\t\t\t    \t<\/a>\n\t\t\t\t    \t<div class=\"nd_elements_section nd_elements_height_20\"><\/div>\n\t\t\t\t    \t<p class=\"nd_elements_font_size_15 nd_elements_section nd_elements_margin_0_important nd_elements_posgrid_widget_l4_excerpt nd_elements_line_height_2\">Ausstellung im Museo Le Carceri zum Abschluss des Studiums des Archivs \"Mario Rigoni Stern\", das die Familie Rigoni Stern der Stadt Asiago geschenkt hat<\/p>\n\t\t\t\t    \t<div class=\"nd_elements_section nd_elements_height_20\"><\/div>\n\n\t\t\t\t    \t<a class=\"nd_options_color_white nd_elements_font_size_13 nd_elements_posgrid_widget_l4_button nd_elements_letter_spacing_1 nd_elements_line_height_1 nd_elements_padding_10_20\" style=\"background-color:#000000\" href=\"https:\/\/www.hotelalpifoza.it\/de\/marios-papiere-das-gefaengnissmuseum-asiago\/\"><strong>READ MORE<\/strong><\/a>\n\n\t\t\t\t\t<\/div>\n\n\t\t\t\t<\/div>\n\t\t    \t\n\t\t\t<\/div>\n\t    \t<div class=\" nd_elements_width_33_percentage nd_elements_width_100_percentage_iphone nd_elements_width_50_percentage_ipad nd_elements_float_left nd_elements_masonry_item nd_elements_padding_15 nd_elements_box_sizing_border_box\">\n\n\t    \t\t<div class=\"nd_elements_section nd_elements_background_color_fff nd_elements_border_1_solid_grey\">\n\n\t\t    \t\t<a href=\"https:\/\/www.hotelalpifoza.it\/de\/veranstaltungen-auf-der-asiago-hochebene-7-gemeinden-2\/\"><img decoding=\"async\" class=\"nd_elements_section\" alt=\"\" src=\"https:\/\/www.hotelalpifoza.it\/wp-content\/uploads\/2023\/02\/eventi-Foza.jpg\"><\/a>\n\n\t\t    \t\t<div class=\"nd_elements_section nd_elements_padding_40 nd_elements_padding_20_iphone nd_elements_box_sizing_border_box\">\n\t\t    \t\t \n\n\t\t    \t\t\t<p class=\"nd_elements_posgrid_widget_l4_date nd_elements_margin_0_important nd_elements_padding_0 nd_elements_letter_spacing_1 nd_elements_font_size_13  nd_elements_line_height_13 nd_elements_padding_left_15 nd_elements_border_left_style_solid nd_elements_border_width_2\">6 Februar<\/p>\n\t\t\t    \t\t<div class=\"nd_elements_section nd_elements_height_15\"><\/div>\n\n\t\t\t\t    \t<a class=\"nd_elements_section\" href=\"https:\/\/www.hotelalpifoza.it\/de\/veranstaltungen-auf-der-asiago-hochebene-7-gemeinden-2\/\">\n\t\t\t\t    \t\t<h3 class=\"nd_elements_font_size_23 nd_elements_posgrid_widget_l4_title nd_elements_word_break_break_word nd_elements_font_size_20_iphone nd_elements_line_height_23 nd_elements_margin_0_important nd_elements_letter_spacing_1\"><strong>Veranstaltungen auf der Asiago-Hochebene 7 Gemeinden<\/strong><\/h3>\n\t\t\t\t    \t<\/a>\n\t\t\t\t    \t<div class=\"nd_elements_section nd_elements_height_20\"><\/div>\n\t\t\t\t    \t<p class=\"nd_elements_font_size_15 nd_elements_section nd_elements_margin_0_important nd_elements_posgrid_widget_l4_excerpt nd_elements_line_height_2\">Im Laufe des Jahres finden auf der Hochebene der sieben Gemeinden zahlreiche kulturelle, touristische, historische und folkloristische Veranstaltungen in den verschiedenen Gemeinden und insbesondere in Asiago statt. Ideale Gelegenheiten, um ein paar Tage im Hotel Alpi in Foza zu entspannen.<\/p>\n\t\t\t\t    \t<div class=\"nd_elements_section nd_elements_height_20\"><\/div>\n\n\t\t\t\t    \t<a class=\"nd_options_color_white nd_elements_font_size_13 nd_elements_posgrid_widget_l4_button nd_elements_letter_spacing_1 nd_elements_line_height_1 nd_elements_padding_10_20\" style=\"background-color:#000000\" href=\"https:\/\/www.hotelalpifoza.it\/de\/veranstaltungen-auf-der-asiago-hochebene-7-gemeinden-2\/\"><strong>READ MORE<\/strong><\/a>\n\n\t\t\t\t\t<\/div>\n\n\t\t\t\t<\/div>\n\t\t    \t\n\t\t\t<\/div>\n<\/div>\t\t<\/div>\n\t\t\t\t<\/div>\n\t\t\t\t\t<\/div>\n\t\t<\/div>\n\t\t\t\t\t\t\t<\/div>\n\t\t<\/section>\n\t\t\t\t\t\t\t<\/div>\n\t\t","protected":false},"excerpt":{"rendered":"<p>VERANSTALTUNGEN UND AKTIVIT\u00c4TEN Nachrichten aus der Hochebene der 7 Comuni 6 Febbraio Eventi sull&#8217;Altopiano di Asiago 7 Comuni Durante l&#8217;anno sull&#8217;Altopiano dei sette Comuni\u00a0\u00a0sono\u00a0veramente tanti gli eventi di carattere culturale, turistico, storico e folcloristico \u00a0si succedono nei vari comuni ed ad Asiago in particolare. Occasioni ideali per spendere qualche giorno di vacanza\u00a0e concedersi alcuni giorni [&hellip;]<\/p>\n","protected":false},"author":2,"featured_media":0,"parent":0,"menu_order":0,"comment_status":"closed","ping_status":"closed","template":"","meta":{"footnotes":""},"class_list":["post-9431","page","type-page","status-publish","hentry"],"yoast_head":"<!-- This site is optimized with the Yoast SEO plugin v20.0 - https:\/\/yoast.com\/wordpress\/plugins\/seo\/ -->\n<title>Territorium Aktivit\u00e4ten Veranstaltungen - Hotel Alpi Foza<\/title>\n<meta name=\"description\" content=\"Hier finden Sie Artikel mit n\u00fctzlichen Informationen \u00fcber die Region 7Commune Plateau, Aktivit\u00e4ten und Veranstaltungen, die Sie w\u00e4hrend Ihres Urlaubs erleben k\u00f6nnen.\" \/>\n<meta name=\"robots\" content=\"index, follow, max-snippet:-1, max-image-preview:large, max-video-preview:-1\" \/>\n<link rel=\"canonical\" href=\"https:\/\/www.hotelalpifoza.it\/de\/territorium-aktivitaeten-veranstaltungen\/\" \/>\n<meta property=\"og:locale\" content=\"de_DE\" \/>\n<meta property=\"og:type\" content=\"article\" \/>\n<meta property=\"og:title\" content=\"Territorium Aktivit\u00e4ten Veranstaltungen - Hotel Alpi Foza\" \/>\n<meta property=\"og:description\" content=\"Hier finden Sie Artikel mit n\u00fctzlichen Informationen \u00fcber die Region 7Commune Plateau, Aktivit\u00e4ten und Veranstaltungen, die Sie w\u00e4hrend Ihres Urlaubs erleben k\u00f6nnen.\" \/>\n<meta property=\"og:url\" content=\"https:\/\/www.hotelalpifoza.it\/de\/territorium-aktivitaeten-veranstaltungen\/\" \/>\n<meta property=\"og:site_name\" content=\"Hotel Alpi Foza\" \/>\n<meta property=\"article:modified_time\" content=\"2023-02-07T14:16:23+00:00\" \/>\n<meta property=\"og:image\" content=\"https:\/\/www.hotelalpifoza.it\/wp-content\/uploads\/2023\/02\/eventi-Foza.jpg\" \/>\n<meta name=\"twitter:card\" content=\"summary_large_image\" \/>\n<meta name=\"twitter:label1\" content=\"Gesch\u00e4tzte Lesezeit\" \/>\n\t<meta name=\"twitter:data1\" content=\"1\u00a0Minute\" \/>\n<script type=\"application\/ld+json\" class=\"yoast-schema-graph\">{\"@context\":\"https:\/\/schema.org\",\"@graph\":[{\"@type\":\"WebPage\",\"@id\":\"https:\/\/www.hotelalpifoza.it\/de\/territorium-aktivitaeten-veranstaltungen\/\",\"url\":\"https:\/\/www.hotelalpifoza.it\/de\/territorium-aktivitaeten-veranstaltungen\/\",\"name\":\"Territorium Aktivit\u00e4ten Veranstaltungen - Hotel Alpi Foza\",\"isPartOf\":{\"@id\":\"https:\/\/www.hotelalpifoza.it\/de\/#website\"},\"datePublished\":\"2023-02-06T13:33:06+00:00\",\"dateModified\":\"2023-02-07T14:16:23+00:00\",\"description\":\"Hier finden Sie Artikel mit n\u00fctzlichen Informationen \u00fcber die Region 7Commune Plateau, Aktivit\u00e4ten und Veranstaltungen, die Sie w\u00e4hrend Ihres Urlaubs erleben k\u00f6nnen.\",\"breadcrumb\":{\"@id\":\"https:\/\/www.hotelalpifoza.it\/de\/territorium-aktivitaeten-veranstaltungen\/#breadcrumb\"},\"inLanguage\":\"de\",\"potentialAction\":[{\"@type\":\"ReadAction\",\"target\":[\"https:\/\/www.hotelalpifoza.it\/de\/territorium-aktivitaeten-veranstaltungen\/\"]}]},{\"@type\":\"BreadcrumbList\",\"@id\":\"https:\/\/www.hotelalpifoza.it\/de\/territorium-aktivitaeten-veranstaltungen\/#breadcrumb\",\"itemListElement\":[{\"@type\":\"ListItem\",\"position\":1,\"name\":\"Home\",\"item\":\"https:\/\/www.hotelalpifoza.it\/de\/\"},{\"@type\":\"ListItem\",\"position\":2,\"name\":\"Territorium Aktivit\u00e4ten Veranstaltungen\"}]},{\"@type\":\"WebSite\",\"@id\":\"https:\/\/www.hotelalpifoza.it\/de\/#website\",\"url\":\"https:\/\/www.hotelalpifoza.it\/de\/\",\"name\":\"Hotel Alpi Foza\",\"description\":\"Hotel e Ristorante Foza\",\"publisher\":{\"@id\":\"https:\/\/www.hotelalpifoza.it\/de\/#organization\"},\"potentialAction\":[{\"@type\":\"SearchAction\",\"target\":{\"@type\":\"EntryPoint\",\"urlTemplate\":\"https:\/\/www.hotelalpifoza.it\/de\/?s={search_term_string}\"},\"query-input\":\"required name=search_term_string\"}],\"inLanguage\":\"de\"},{\"@type\":\"Organization\",\"@id\":\"https:\/\/www.hotelalpifoza.it\/de\/#organization\",\"name\":\"Hotel Alpi Foza\",\"url\":\"https:\/\/www.hotelalpifoza.it\/de\/\",\"logo\":{\"@type\":\"ImageObject\",\"inLanguage\":\"de\",\"@id\":\"https:\/\/www.hotelalpifoza.it\/de\/#\/schema\/logo\/image\/\",\"url\":\"https:\/\/www.hotelalpifoza.it\/wp-content\/uploads\/2022\/12\/hotelalpifoza_logo_r.png\",\"contentUrl\":\"https:\/\/www.hotelalpifoza.it\/wp-content\/uploads\/2022\/12\/hotelalpifoza_logo_r.png\",\"width\":512,\"height\":210,\"caption\":\"Hotel Alpi Foza\"},\"image\":{\"@id\":\"https:\/\/www.hotelalpifoza.it\/de\/#\/schema\/logo\/image\/\"}}]}<\/script>\n<!-- \/ Yoast SEO plugin. -->","yoast_head_json":{"title":"Territorium Aktivit\u00e4ten Veranstaltungen - Hotel Alpi Foza","description":"Hier finden Sie Artikel mit n\u00fctzlichen Informationen \u00fcber die Region 7Commune Plateau, Aktivit\u00e4ten und Veranstaltungen, die Sie w\u00e4hrend Ihres Urlaubs erleben k\u00f6nnen.","robots":{"index":"index","follow":"follow","max-snippet":"max-snippet:-1","max-image-preview":"max-image-preview:large","max-video-preview":"max-video-preview:-1"},"canonical":"https:\/\/www.hotelalpifoza.it\/de\/territorium-aktivitaeten-veranstaltungen\/","og_locale":"de_DE","og_type":"article","og_title":"Territorium Aktivit\u00e4ten Veranstaltungen - Hotel Alpi Foza","og_description":"Hier finden Sie Artikel mit n\u00fctzlichen Informationen \u00fcber die Region 7Commune Plateau, Aktivit\u00e4ten und Veranstaltungen, die Sie w\u00e4hrend Ihres Urlaubs erleben k\u00f6nnen.","og_url":"https:\/\/www.hotelalpifoza.it\/de\/territorium-aktivitaeten-veranstaltungen\/","og_site_name":"Hotel Alpi Foza","article_modified_time":"2023-02-07T14:16:23+00:00","og_image":[{"url":"https:\/\/www.hotelalpifoza.it\/wp-content\/uploads\/2023\/02\/eventi-Foza.jpg"}],"twitter_card":"summary_large_image","twitter_misc":{"Gesch\u00e4tzte Lesezeit":"1\u00a0Minute"},"schema":{"@context":"https:\/\/schema.org","@graph":[{"@type":"WebPage","@id":"https:\/\/www.hotelalpifoza.it\/de\/territorium-aktivitaeten-veranstaltungen\/","url":"https:\/\/www.hotelalpifoza.it\/de\/territorium-aktivitaeten-veranstaltungen\/","name":"Territorium Aktivit\u00e4ten Veranstaltungen - Hotel Alpi Foza","isPartOf":{"@id":"https:\/\/www.hotelalpifoza.it\/de\/#website"},"datePublished":"2023-02-06T13:33:06+00:00","dateModified":"2023-02-07T14:16:23+00:00","description":"Hier finden Sie Artikel mit n\u00fctzlichen Informationen \u00fcber die Region 7Commune Plateau, Aktivit\u00e4ten und Veranstaltungen, die Sie w\u00e4hrend Ihres Urlaubs erleben k\u00f6nnen.","breadcrumb":{"@id":"https:\/\/www.hotelalpifoza.it\/de\/territorium-aktivitaeten-veranstaltungen\/#breadcrumb"},"inLanguage":"de","potentialAction":[{"@type":"ReadAction","target":["https:\/\/www.hotelalpifoza.it\/de\/territorium-aktivitaeten-veranstaltungen\/"]}]},{"@type":"BreadcrumbList","@id":"https:\/\/www.hotelalpifoza.it\/de\/territorium-aktivitaeten-veranstaltungen\/#breadcrumb","itemListElement":[{"@type":"ListItem","position":1,"name":"Home","item":"https:\/\/www.hotelalpifoza.it\/de\/"},{"@type":"ListItem","position":2,"name":"Territorium Aktivit\u00e4ten Veranstaltungen"}]},{"@type":"WebSite","@id":"https:\/\/www.hotelalpifoza.it\/de\/#website","url":"https:\/\/www.hotelalpifoza.it\/de\/","name":"Hotel Alpi Foza","description":"Hotel e Ristorante Foza","publisher":{"@id":"https:\/\/www.hotelalpifoza.it\/de\/#organization"},"potentialAction":[{"@type":"SearchAction","target":{"@type":"EntryPoint","urlTemplate":"https:\/\/www.hotelalpifoza.it\/de\/?s={search_term_string}"},"query-input":"required name=search_term_string"}],"inLanguage":"de"},{"@type":"Organization","@id":"https:\/\/www.hotelalpifoza.it\/de\/#organization","name":"Hotel Alpi Foza","url":"https:\/\/www.hotelalpifoza.it\/de\/","logo":{"@type":"ImageObject","inLanguage":"de","@id":"https:\/\/www.hotelalpifoza.it\/de\/#\/schema\/logo\/image\/","url":"https:\/\/www.hotelalpifoza.it\/wp-content\/uploads\/2022\/12\/hotelalpifoza_logo_r.png","contentUrl":"https:\/\/www.hotelalpifoza.it\/wp-content\/uploads\/2022\/12\/hotelalpifoza_logo_r.png","width":512,"height":210,"caption":"Hotel Alpi Foza"},"image":{"@id":"https:\/\/www.hotelalpifoza.it\/de\/#\/schema\/logo\/image\/"}}]}},"_links":{"self":[{"href":"https:\/\/www.hotelalpifoza.it\/de\/wp-json\/wp\/v2\/pages\/9431","targetHints":{"allow":["GET"]}}],"collection":[{"href":"https:\/\/www.hotelalpifoza.it\/de\/wp-json\/wp\/v2\/pages"}],"about":[{"href":"https:\/\/www.hotelalpifoza.it\/de\/wp-json\/wp\/v2\/types\/page"}],"author":[{"embeddable":true,"href":"https:\/\/www.hotelalpifoza.it\/de\/wp-json\/wp\/v2\/users\/2"}],"replies":[{"embeddable":true,"href":"https:\/\/www.hotelalpifoza.it\/de\/wp-json\/wp\/v2\/comments?post=9431"}],"version-history":[{"count":1,"href":"https:\/\/www.hotelalpifoza.it\/de\/wp-json\/wp\/v2\/pages\/9431\/revisions"}],"predecessor-version":[{"id":9432,"href":"https:\/\/www.hotelalpifoza.it\/de\/wp-json\/wp\/v2\/pages\/9431\/revisions\/9432"}],"wp:attachment":[{"href":"https:\/\/www.hotelalpifoza.it\/de\/wp-json\/wp\/v2\/media?parent=9431"}],"curies":[{"name":"wp","href":"https:\/\/api.w.org\/{rel}","templated":true}]}}